{"id":28973,"date":"2024-11-11T01:05:26","date_gmt":"2024-11-11T00:05:26","guid":{"rendered":"https:\/\/demo.univ-djelfa.dz\/?page_id=28973"},"modified":"2025-11-04T19:28:17","modified_gmt":"2025-11-04T18:28:17","slug":"evenements-scientifiques","status":"publish","type":"page","link":"https:\/\/www.univ-djelfa.dz\/?page_id=28973","title":{"rendered":"\u00c9v\u00e9nements scientifiques"},"content":{"rendered":"\t\t<div data-elementor-type=\"wp-page\" data-elementor-id=\"28973\" class=\"elementor elementor-28973\" data-elementor-post-type=\"page\">\n\t\t\t\t\t\t<section class=\"elementor-section elementor-top-section elementor-element elementor-element-7c30d2c elementor-section-boxed elementor-section-height-default elementor-section-height-default exad-sticky-section-no\" data-id=\"7c30d2c\" data-element_type=\"section\" data-settings=\"{&quot;ekit_has_onepagescroll_dot&quot;:&quot;yes&quot;}\">\n\t\t\t\t\t\t<div class=\"elementor-container elementor-column-gap-default\">\n\t\t\t\t\t<div class=\"elementor-column elementor-col-100 elementor-top-column elementor-element elementor-element-021c231 exad-sticky-section-no\" data-id=\"021c231\" data-element_type=\"column\">\n\t\t\t<div class=\"elementor-widget-wrap\">\n\t\t\t\t\t\t\t<\/div>\n\t\t<\/div>\n\t\t\t\t\t<\/div>\n\t\t<\/section>\n\t\t\t\t<section class=\"elementor-section elementor-top-section elementor-element elementor-element-8a07502 elementor-section-height-default elementor-section-boxed elementor-section-height-default exad-sticky-section-no\" data-id=\"8a07502\" data-element_type=\"section\" data-settings=\"{&quot;ekit_has_onepagescroll_dot&quot;:&quot;yes&quot;}\">\n\t\t\t\t\t\t<div class=\"elementor-container elementor-column-gap-default\">\n\t\t\t\t\t<div class=\"elementor-column elementor-col-100 elementor-inner-column elementor-element elementor-element-4f87c8c exad-sticky-section-no\" data-id=\"4f87c8c\" data-element_type=\"column\">\n\t\t\t<div class=\"elementor-widget-wrap elementor-element-populated\">\n\t\t\t\t\t\t<div class=\"elementor-element elementor-element-27855fcd elementor-grid-4 elementor-grid-tablet-2 elementor-grid-mobile-1 elementor-posts--thumbnail-top elementor-card-shadow-yes elementor-posts__hover-gradient exad-sticky-section-no elementor-widget elementor-widget-posts\" data-id=\"27855fcd\" data-element_type=\"widget\" data-settings=\"{&quot;cards_columns&quot;:&quot;4&quot;,&quot;cards_row_gap&quot;:{&quot;unit&quot;:&quot;px&quot;,&quot;size&quot;:30,&quot;sizes&quot;:[]},&quot;pagination_type&quot;:&quot;numbers&quot;,&quot;cards_columns_tablet&quot;:&quot;2&quot;,&quot;cards_columns_mobile&quot;:&quot;1&quot;,&quot;cards_row_gap_tablet&quot;:{&quot;unit&quot;:&quot;px&quot;,&quot;size&quot;:&quot;&quot;,&quot;sizes&quot;:[]},&quot;cards_row_gap_mobile&quot;:{&quot;unit&quot;:&quot;px&quot;,&quot;size&quot;:&quot;&quot;,&quot;sizes&quot;:[]},&quot;ekit_we_effect_on&quot;:&quot;none&quot;}\" data-widget_type=\"posts.cards\">\n\t\t\t\t<div class=\"elementor-widget-container\">\n\t\t\t\t\t\t\t<div class=\"elementor-posts-container elementor-posts elementor-posts--skin-cards elementor-grid\" role=\"list\">\n\t\t\t\t<article class=\"elementor-post elementor-grid-item post-33893 post type-post status-publish format-standard has-post-thumbnail hentry category-evenements-scientifiques\" role=\"listitem\">\n\t\t\t<div class=\"elementor-post__card\">\n\t\t\t\t<a class=\"elementor-post__thumbnail__link\" href=\"https:\/\/www.univ-djelfa.dz\/?p=33893\" tabindex=\"-1\" ><div class=\"elementor-post__thumbnail\"><img fetchpriority=\"high\" decoding=\"async\" width=\"600\" height=\"332\" src=\"https:\/\/www.univ-djelfa.dz\/wp-content\/uploads\/\u0627\u0644\u062a\u0645\u0648\u064a\u0644-\u0627\u0644\u0625\u0633\u0644\u0627\u0645\u064a.jpg\" class=\"attachment-medium size-medium wp-image-33561\" alt=\"\" \/><\/div><\/a>\n\t\t\t\t<div class=\"elementor-post__text\">\n\t\t\t\t<h3 class=\"elementor-post__title\">\n\t\t\t<a href=\"https:\/\/www.univ-djelfa.dz\/?p=33893\" >\n\t\t\t\tS\u00e9minaire national en pr\u00e9sentiel \/ \u00e0 distance : \u00ab La finance islamique en Alg\u00e9rie : vers une \u00e9conomie durable et un d\u00e9veloppement inclusif \u00bb\t\t\t<\/a>\n\t\t<\/h3>\n\t\t\t\t<\/div>\n\t\t\t\t<div class=\"elementor-post__meta-data\">\n\t\t\t\t\t<span class=\"elementor-post-date\">\n\t\t\t2026-03-15\t\t<\/span>\n\t\t\t\t<\/div>\n\t\t\t\t\t<\/div>\n\t\t<\/article>\n\t\t\t\t<article class=\"elementor-post elementor-grid-item post-33919 post type-post status-publish format-standard has-post-thumbnail hentry category-evenements-scientifiques\" role=\"listitem\">\n\t\t\t<div class=\"elementor-post__card\">\n\t\t\t\t<a class=\"elementor-post__thumbnail__link\" href=\"https:\/\/www.univ-djelfa.dz\/?p=33919\" tabindex=\"-1\" ><div class=\"elementor-post__thumbnail\"><img decoding=\"async\" width=\"640\" height=\"386\" src=\"https:\/\/www.univ-djelfa.dz\/wp-content\/uploads\/digital-transformation-780x470-1-640x386.jpg\" class=\"attachment-medium size-medium wp-image-33536\" alt=\"\" srcset=\"https:\/\/www.univ-djelfa.dz\/wp-content\/uploads\/digital-transformation-780x470-1-640x386.jpg 640w, https:\/\/www.univ-djelfa.dz\/wp-content\/uploads\/digital-transformation-780x470-1-768x463.jpg 768w, https:\/\/www.univ-djelfa.dz\/wp-content\/uploads\/digital-transformation-780x470-1.jpg 780w\" sizes=\"(max-width: 640px) 100vw, 640px\" \/><\/div><\/a>\n\t\t\t\t<div class=\"elementor-post__text\">\n\t\t\t\t<h3 class=\"elementor-post__title\">\n\t\t\t<a href=\"https:\/\/www.univ-djelfa.dz\/?p=33919\" >\n\t\t\t\tPremier S\u00e9minaire National (en pr\u00e9sentiel et \u00e0 distance) : La transformation num\u00e9rique dans les institutions de l\u2019information \u2013 biblioth\u00e8ques et archives\t\t\t<\/a>\n\t\t<\/h3>\n\t\t\t\t<\/div>\n\t\t\t\t<div class=\"elementor-post__meta-data\">\n\t\t\t\t\t<span class=\"elementor-post-date\">\n\t\t\t2026-03-15\t\t<\/span>\n\t\t\t\t<\/div>\n\t\t\t\t\t<\/div>\n\t\t<\/article>\n\t\t\t\t<article class=\"elementor-post elementor-grid-item post-33930 post type-post status-publish format-standard has-post-thumbnail hentry category-evenements-scientifiques\" role=\"listitem\">\n\t\t\t<div class=\"elementor-post__card\">\n\t\t\t\t<a class=\"elementor-post__thumbnail__link\" href=\"https:\/\/www.univ-djelfa.dz\/?p=33930\" tabindex=\"-1\" ><div class=\"elementor-post__thumbnail\"><img decoding=\"async\" width=\"640\" height=\"357\" src=\"https:\/\/www.univ-djelfa.dz\/wp-content\/uploads\/dajsdzdajsdzdajs-640x357.jpg\" class=\"attachment-medium size-medium wp-image-33618\" alt=\"\" srcset=\"https:\/\/www.univ-djelfa.dz\/wp-content\/uploads\/dajsdzdajsdzdajs-640x357.jpg 640w, https:\/\/www.univ-djelfa.dz\/wp-content\/uploads\/dajsdzdajsdzdajs-1280x714.jpg 1280w, https:\/\/www.univ-djelfa.dz\/wp-content\/uploads\/dajsdzdajsdzdajs-768x429.jpg 768w, https:\/\/www.univ-djelfa.dz\/wp-content\/uploads\/dajsdzdajsdzdajs.jpg 1376w\" sizes=\"(max-width: 640px) 100vw, 640px\" \/><\/div><\/a>\n\t\t\t\t<div class=\"elementor-post__text\">\n\t\t\t\t<h3 class=\"elementor-post__title\">\n\t\t\t<a href=\"https:\/\/www.univ-djelfa.dz\/?p=33930\" >\n\t\t\t\tS\u00e9minaire national en pr\u00e9sentiel \/ \u00e0 distance intitul\u00e9 : \u00ab La critique culturelle et la d\u00e9construction esth\u00e9tique dans la litt\u00e9rature maghr\u00e9bine contemporaine \u00bb\t\t\t<\/a>\n\t\t<\/h3>\n\t\t\t\t<\/div>\n\t\t\t\t<div class=\"elementor-post__meta-data\">\n\t\t\t\t\t<span class=\"elementor-post-date\">\n\t\t\t2026-03-04\t\t<\/span>\n\t\t\t\t<\/div>\n\t\t\t\t\t<\/div>\n\t\t<\/article>\n\t\t\t\t<article class=\"elementor-post elementor-grid-item post-33940 post type-post status-publish format-standard has-post-thumbnail hentry category-evenements-scientifiques\" role=\"listitem\">\n\t\t\t<div class=\"elementor-post__card\">\n\t\t\t\t<a class=\"elementor-post__thumbnail__link\" href=\"https:\/\/www.univ-djelfa.dz\/?p=33940\" tabindex=\"-1\" ><div class=\"elementor-post__thumbnail\"><img loading=\"lazy\" decoding=\"async\" width=\"640\" height=\"425\" src=\"https:\/\/www.univ-djelfa.dz\/wp-content\/uploads\/41503626_1848241698606221_2470036830095933440_n-640x425.jpg\" class=\"attachment-medium size-medium wp-image-33600\" alt=\"\" srcset=\"https:\/\/www.univ-djelfa.dz\/wp-content\/uploads\/41503626_1848241698606221_2470036830095933440_n-640x425.jpg 640w, https:\/\/www.univ-djelfa.dz\/wp-content\/uploads\/41503626_1848241698606221_2470036830095933440_n-768x509.jpg 768w, https:\/\/www.univ-djelfa.dz\/wp-content\/uploads\/41503626_1848241698606221_2470036830095933440_n.jpg 888w\" sizes=\"(max-width: 640px) 100vw, 640px\" \/><\/div><\/a>\n\t\t\t\t<div class=\"elementor-post__text\">\n\t\t\t\t<h3 class=\"elementor-post__title\">\n\t\t\t<a href=\"https:\/\/www.univ-djelfa.dz\/?p=33940\" >\n\t\t\t\tJourn\u00e9es d\u2019\u00e9tudes p\u00e9riodiques sur le d\u00e9veloppement local durable : \u00ab L\u2019identit\u00e9 v\u00e9g\u00e9tale de la ville de Djelfa \u00bb\t\t\t<\/a>\n\t\t<\/h3>\n\t\t\t\t<\/div>\n\t\t\t\t<div class=\"elementor-post__meta-data\">\n\t\t\t\t\t<span class=\"elementor-post-date\">\n\t\t\t2026-03-03\t\t<\/span>\n\t\t\t\t<\/div>\n\t\t\t\t\t<\/div>\n\t\t<\/article>\n\t\t\t\t<article class=\"elementor-post elementor-grid-item post-32260 post type-post status-publish format-standard has-post-thumbnail hentry category-evenements-scientifiques\" role=\"listitem\">\n\t\t\t<div class=\"elementor-post__card\">\n\t\t\t\t<a class=\"elementor-post__thumbnail__link\" href=\"https:\/\/www.univ-djelfa.dz\/?p=32260\" tabindex=\"-1\" ><div class=\"elementor-post__thumbnail\"><img loading=\"lazy\" decoding=\"async\" width=\"640\" height=\"375\" src=\"https:\/\/www.univ-djelfa.dz\/wp-content\/uploads\/hero-bg-640x375.jpg\" class=\"attachment-medium size-medium wp-image-32244\" alt=\"\" srcset=\"https:\/\/www.univ-djelfa.dz\/wp-content\/uploads\/hero-bg-640x375.jpg 640w, https:\/\/www.univ-djelfa.dz\/wp-content\/uploads\/hero-bg-1280x750.jpg 1280w, https:\/\/www.univ-djelfa.dz\/wp-content\/uploads\/hero-bg-768x450.jpg 768w, https:\/\/www.univ-djelfa.dz\/wp-content\/uploads\/hero-bg-1536x900.jpg 1536w, https:\/\/www.univ-djelfa.dz\/wp-content\/uploads\/hero-bg.jpg 1920w\" sizes=\"(max-width: 640px) 100vw, 640px\" \/><\/div><\/a>\n\t\t\t\t<div class=\"elementor-post__text\">\n\t\t\t\t<h3 class=\"elementor-post__title\">\n\t\t\t<a href=\"https:\/\/www.univ-djelfa.dz\/?p=32260\" >\n\t\t\t\t1\u02b3\u1d49 Conf\u00e9rence Internationale sur l\u2019Intelligence Artificielle Appliqu\u00e9e et les Technologies \u00c9mergentes\t\t\t<\/a>\n\t\t<\/h3>\n\t\t\t\t<\/div>\n\t\t\t\t<div class=\"elementor-post__meta-data\">\n\t\t\t\t\t<span class=\"elementor-post-date\">\n\t\t\t2025-11-20\t\t<\/span>\n\t\t\t\t<\/div>\n\t\t\t\t\t<\/div>\n\t\t<\/article>\n\t\t\t\t<article class=\"elementor-post elementor-grid-item post-30082 post type-post status-publish format-standard has-post-thumbnail hentry category-evenements-scientifiques\" role=\"listitem\">\n\t\t\t<div class=\"elementor-post__card\">\n\t\t\t\t<a class=\"elementor-post__thumbnail__link\" href=\"https:\/\/www.univ-djelfa.dz\/?p=30082\" tabindex=\"-1\" ><div class=\"elementor-post__thumbnail\"><img loading=\"lazy\" decoding=\"async\" width=\"640\" height=\"320\" src=\"https:\/\/www.univ-djelfa.dz\/wp-content\/uploads\/ch-tahar-1-640x320.webp\" class=\"attachment-medium size-medium wp-image-29326\" alt=\"\" srcset=\"https:\/\/www.univ-djelfa.dz\/wp-content\/uploads\/ch-tahar-1-640x320.webp 640w, https:\/\/www.univ-djelfa.dz\/wp-content\/uploads\/ch-tahar-1-768x384.webp 768w, https:\/\/www.univ-djelfa.dz\/wp-content\/uploads\/ch-tahar-1.webp 1224w\" sizes=\"(max-width: 640px) 100vw, 640px\" \/><\/div><\/a>\n\t\t\t\t<div class=\"elementor-post__text\">\n\t\t\t\t<h3 class=\"elementor-post__title\">\n\t\t\t<a href=\"https:\/\/www.univ-djelfa.dz\/?p=30082\" >\n\t\t\t\tPremier s\u00e9minaire national : Cheikh Sidi Abdelrahmane Ben Tahar (1874-1931) \u2014 Itin\u00e9raire spirituel et r\u00e9sistant22-23 octobre 2025\t\t\t<\/a>\n\t\t<\/h3>\n\t\t\t\t<\/div>\n\t\t\t\t<div class=\"elementor-post__meta-data\">\n\t\t\t\t\t<span class=\"elementor-post-date\">\n\t\t\t2025-07-08\t\t<\/span>\n\t\t\t\t<\/div>\n\t\t\t\t\t<\/div>\n\t\t<\/article>\n\t\t\t\t<article class=\"elementor-post elementor-grid-item post-30228 post type-post status-publish format-standard has-post-thumbnail hentry category-evenements-scientifiques\" role=\"listitem\">\n\t\t\t<div class=\"elementor-post__card\">\n\t\t\t\t<a class=\"elementor-post__thumbnail__link\" href=\"https:\/\/www.univ-djelfa.dz\/?p=30228\" tabindex=\"-1\" ><div class=\"elementor-post__thumbnail\"><img loading=\"lazy\" decoding=\"async\" width=\"640\" height=\"524\" src=\"https:\/\/www.univ-djelfa.dz\/wp-content\/uploads\/gc-640x524.jpg\" class=\"attachment-medium size-medium wp-image-29352\" alt=\"\" srcset=\"https:\/\/www.univ-djelfa.dz\/wp-content\/uploads\/gc-640x524.jpg 640w, https:\/\/www.univ-djelfa.dz\/wp-content\/uploads\/gc-1280x1049.jpg 1280w, https:\/\/www.univ-djelfa.dz\/wp-content\/uploads\/gc-768x629.jpg 768w, https:\/\/www.univ-djelfa.dz\/wp-content\/uploads\/gc-1536x1258.jpg 1536w, https:\/\/www.univ-djelfa.dz\/wp-content\/uploads\/gc.jpg 1593w\" sizes=\"(max-width: 640px) 100vw, 640px\" \/><\/div><\/a>\n\t\t\t\t<div class=\"elementor-post__text\">\n\t\t\t\t<h3 class=\"elementor-post__title\">\n\t\t\t<a href=\"https:\/\/www.univ-djelfa.dz\/?p=30228\" >\n\t\t\t\tLa Premi\u00e8re Conf\u00e9rence Internationale sur les D\u00e9fis R\u00e9cents en G\u00e9nie Civil et en Durabilit\u00e9 Environnementale (ICRCCEES\u201925) 10 \u2013 11 d\u00e9cembre 2025\t\t\t<\/a>\n\t\t<\/h3>\n\t\t\t\t<\/div>\n\t\t\t\t<div class=\"elementor-post__meta-data\">\n\t\t\t\t\t<span class=\"elementor-post-date\">\n\t\t\t2025-06-09\t\t<\/span>\n\t\t\t\t<\/div>\n\t\t\t\t\t<\/div>\n\t\t<\/article>\n\t\t\t\t<\/div>\n\t\t\n\t\t\t\t\t\t<\/div>\n\t\t\t\t<\/div>\n\t\t\t\t\t<\/div>\n\t\t<\/div>\n\t\t\t\t\t<\/div>\n\t\t<\/section>\n\t\t\t\t<\/div>\n\t\t","protected":false},"excerpt":{"rendered":"","protected":false},"author":2,"featured_media":33726,"parent":0,"menu_order":0,"comment_status":"closed","ping_status":"closed","template":"","meta":{"_kad_post_transparent":"","_kad_post_title":"default","_kad_post_layout":"default","_kad_post_sidebar_id":"","_kad_post_content_style":"default","_kad_post_vertical_padding":"default","_kad_post_feature":"default","_kad_post_feature_position":"","_kad_post_header":false,"_kad_post_footer":false,"footnotes":""},"class_list":["post-28973","page","type-page","status-publish","has-post-thumbnail","hentry"],"lang":"fr","translations":{"fr":28973,"en":18117,"ar":18096},"pll_sync_post":[],"_links":{"self":[{"href":"https:\/\/www.univ-djelfa.dz\/index.php?rest_route=\/wp\/v2\/pages\/28973","targetHints":{"allow":["GET"]}}],"collection":[{"href":"https:\/\/www.univ-djelfa.dz\/index.php?rest_route=\/wp\/v2\/pages"}],"about":[{"href":"https:\/\/www.univ-djelfa.dz\/index.php?rest_route=\/wp\/v2\/types\/page"}],"author":[{"embeddable":true,"href":"https:\/\/www.univ-djelfa.dz\/index.php?rest_route=\/wp\/v2\/users\/2"}],"replies":[{"embeddable":true,"href":"https:\/\/www.univ-djelfa.dz\/index.php?rest_route=%2Fwp%2Fv2%2Fcomments&post=28973"}],"version-history":[{"count":5,"href":"https:\/\/www.univ-djelfa.dz\/index.php?rest_route=\/wp\/v2\/pages\/28973\/revisions"}],"predecessor-version":[{"id":30341,"href":"https:\/\/www.univ-djelfa.dz\/index.php?rest_route=\/wp\/v2\/pages\/28973\/revisions\/30341"}],"wp:featuredmedia":[{"embeddable":true,"href":"https:\/\/www.univ-djelfa.dz\/index.php?rest_route=\/wp\/v2\/media\/33726"}],"wp:attachment":[{"href":"https:\/\/www.univ-djelfa.dz\/index.php?rest_route=%2Fwp%2Fv2%2Fmedia&parent=28973"}],"curies":[{"name":"wp","href":"https:\/\/api.w.org\/{rel}","templated":true}]}}